{"id":162,"date":"2020-10-28T11:26:46","date_gmt":"2020-10-28T10:26:46","guid":{"rendered":"http:\/\/mikolasklir.cz\/?page_id=162"},"modified":"2022-12-18T23:05:06","modified_gmt":"2022-12-18T22:05:06","slug":"aktualne","status":"publish","type":"page","link":"https:\/\/mikolasklir.cz\/?page_id=162","title":{"rendered":"NOVINKY"},"content":{"rendered":"<ul class=\"wp-block-latest-posts__list is-grid columns-3 has-dates wp-block-latest-posts\"><li><div class=\"wp-block-latest-posts__featured-image\"><a href=\"https:\/\/mikolasklir.cz\/?p=603\" aria-label=\"\u010cupakab\u0159in sen na v\u00fdstav\u011b v Barcelon\u011b\"><img loading=\"lazy\" decoding=\"async\" width=\"300\" height=\"300\" src=\"https:\/\/mikolasklir.cz\/wp-content\/uploads\/2023\/01\/321304378_660060052514035_5913209453363753387_n-300x300.jpg\" class=\"attachment-medium size-medium wp-post-image\" alt=\"\" style=\"\" srcset=\"https:\/\/mikolasklir.cz\/wp-content\/uploads\/2023\/01\/321304378_660060052514035_5913209453363753387_n-300x300.jpg 300w, https:\/\/mikolasklir.cz\/wp-content\/uploads\/2023\/01\/321304378_660060052514035_5913209453363753387_n-1019x1024.jpg 1019w, https:\/\/mikolasklir.cz\/wp-content\/uploads\/2023\/01\/321304378_660060052514035_5913209453363753387_n-150x150.jpg 150w, https:\/\/mikolasklir.cz\/wp-content\/uploads\/2023\/01\/321304378_660060052514035_5913209453363753387_n-299x300.jpg 299w, https:\/\/mikolasklir.cz\/wp-content\/uploads\/2023\/01\/321304378_660060052514035_5913209453363753387_n.jpg 1073w\" sizes=\"auto, (max-width: 300px) 100vw, 300px\" \/><\/a><\/div><a class=\"wp-block-latest-posts__post-title\" href=\"https:\/\/mikolasklir.cz\/?p=603\">\u010cupakab\u0159in sen na v\u00fdstav\u011b v Barcelon\u011b<\/a><time datetime=\"2022-12-30T16:56:00+01:00\" class=\"wp-block-latest-posts__post-date\">30 prosince, 2022<\/time><div class=\"wp-block-latest-posts__post-excerpt\">Leto\u0161n\u00ed V\u00e1noce jsem si trochu ozvl\u00e1\u0161tnil. Mezi sv\u00e1tky jsem si zalet\u011bl do Barcelony, ale nebylo to jen tak za mo\u0159em a architekturou. V n\u00e1dhern\u00e9 budov\u011b Casa Mil\u00e0 toti\u017e od 28. prosince prob\u00edhala mezin\u00e1rodn\u00ed v\u00fdstava BRAINCAKE, kterou uspo\u0159\u00e1dala galerie &hellip; <a href=\"https:\/\/mikolasklir.cz\/?p=603\">Cel\u00fd p\u0159\u00edsp\u011bvek <span class=\"meta-nav\">&rarr;<\/span><\/a><\/div><\/li>\n<li><div class=\"wp-block-latest-posts__featured-image\"><a href=\"https:\/\/mikolasklir.cz\/?p=600\" aria-label=\"Dva m\u00e9 obrazy jsou oti\u0161t\u011bny v publikaci ORIGINAL GA\u14aa\u14a3ERY\"><img loading=\"lazy\" decoding=\"async\" width=\"300\" height=\"200\" src=\"https:\/\/mikolasklir.cz\/wp-content\/uploads\/2023\/01\/image0-300x200.jpeg\" class=\"attachment-medium size-medium wp-post-image\" alt=\"\" style=\"\" srcset=\"https:\/\/mikolasklir.cz\/wp-content\/uploads\/2023\/01\/image0-300x200.jpeg 300w, https:\/\/mikolasklir.cz\/wp-content\/uploads\/2023\/01\/image0-450x300.jpeg 450w, https:\/\/mikolasklir.cz\/wp-content\/uploads\/2023\/01\/image0.jpeg 640w\" sizes=\"auto, (max-width: 300px) 100vw, 300px\" \/><\/a><\/div><a class=\"wp-block-latest-posts__post-title\" href=\"https:\/\/mikolasklir.cz\/?p=600\">Dva m\u00e9 obrazy jsou oti\u0161t\u011bny v publikaci ORIGINAL GA\u14aa\u14a3ERY<\/a><time datetime=\"2022-11-08T16:42:00+01:00\" class=\"wp-block-latest-posts__post-date\">8 listopadu, 2022<\/time><div class=\"wp-block-latest-posts__post-excerpt\">\u010cesk\u00e1 internetov\u00e1 galerie ORIGINAL GA\u14aa\u14a3ERY vydala sb\u011bratelskou publikaci #jedin\u00e1obrazov\u00e1kniha v n\u00e1kladu 999 \u010d\u00edslovan\u00fdch v\u00fdtisk\u016f. Obsahuje origin\u00e1ln\u00ed d\u00edla 58 um\u011blc\u016f a j\u00e1 jsem mezi nimi. V publikaci jsou 2 moje obrazy: Setk\u00e1n\u00ed s N\u00edk\u00e9 a Antropomorfn\u00ed sk\u00e1ly. D\u011bkuju za &hellip; <a href=\"https:\/\/mikolasklir.cz\/?p=600\">Cel\u00fd p\u0159\u00edsp\u011bvek <span class=\"meta-nav\">&rarr;<\/span><\/a><\/div><\/li>\n<li><div class=\"wp-block-latest-posts__featured-image\"><a href=\"https:\/\/mikolasklir.cz\/?p=572\" aria-label=\"ARTFEST \u0160ONOV 2022\"><img loading=\"lazy\" decoding=\"async\" width=\"212\" height=\"300\" src=\"https:\/\/mikolasklir.cz\/wp-content\/uploads\/2022\/12\/Artfest_Plakat_obrazek_Kreslici-platno-1-212x300.jpg\" class=\"attachment-medium size-medium wp-post-image\" alt=\"\" style=\"\" srcset=\"https:\/\/mikolasklir.cz\/wp-content\/uploads\/2022\/12\/Artfest_Plakat_obrazek_Kreslici-platno-1-212x300.jpg 212w, https:\/\/mikolasklir.cz\/wp-content\/uploads\/2022\/12\/Artfest_Plakat_obrazek_Kreslici-platno-1-724x1024.jpg 724w, https:\/\/mikolasklir.cz\/wp-content\/uploads\/2022\/12\/Artfest_Plakat_obrazek_Kreslici-platno-1-768x1086.jpg 768w, https:\/\/mikolasklir.cz\/wp-content\/uploads\/2022\/12\/Artfest_Plakat_obrazek_Kreslici-platno-1-1086x1536.jpg 1086w, https:\/\/mikolasklir.cz\/wp-content\/uploads\/2022\/12\/Artfest_Plakat_obrazek_Kreslici-platno-1.jpg 1414w\" sizes=\"auto, (max-width: 212px) 100vw, 212px\" \/><\/a><\/div><a class=\"wp-block-latest-posts__post-title\" href=\"https:\/\/mikolasklir.cz\/?p=572\">ARTFEST \u0160ONOV 2022<\/a><time datetime=\"2022-08-18T22:52:00+01:00\" class=\"wp-block-latest-posts__post-date\">18 srpna, 2022<\/time><div class=\"wp-block-latest-posts__post-excerpt\">Letos se uskute\u010dnil prvn\u00ed ro\u010dn\u00edk um\u011bleck\u00e9ho sympozia ARTFEST \u0160onov, kter\u00e9 po\u0159\u00e1dal m\u016fj bratr \u2013 um\u011bleck\u00fd kov\u00e1\u0159 Ondra alias Alchifer. Na dvo\u0159e na\u0161eho spole\u010dn\u00e9ho pozemku v \u0160onov\u011b u Broumova se se\u0161lo n\u011bkolik skv\u011bl\u00fdch um\u011blc\u016f, kov\u00e1\u0159i, \u0159ezb\u00e1\u0159, kamenosocha\u0159, zp\u011bv\u00e1ci a &hellip; <a href=\"https:\/\/mikolasklir.cz\/?p=572\">Cel\u00fd p\u0159\u00edsp\u011bvek <span class=\"meta-nav\">&rarr;<\/span><\/a><\/div><\/li>\n<li><div class=\"wp-block-latest-posts__featured-image\"><a href=\"https:\/\/mikolasklir.cz\/?p=562\" aria-label=\"M\u016fj obraz Lodi\u010dka na florentsk\u00e9 v\u00fdstav\u011b BEYOND SIGHT\"><img loading=\"lazy\" decoding=\"async\" width=\"300\" height=\"300\" src=\"https:\/\/mikolasklir.cz\/wp-content\/uploads\/2022\/07\/BS-plakat-1-300x300.jpeg\" class=\"attachment-medium size-medium wp-post-image\" alt=\"\" style=\"\" srcset=\"https:\/\/mikolasklir.cz\/wp-content\/uploads\/2022\/07\/BS-plakat-1-300x300.jpeg 300w, https:\/\/mikolasklir.cz\/wp-content\/uploads\/2022\/07\/BS-plakat-1-1024x1024.jpeg 1024w, https:\/\/mikolasklir.cz\/wp-content\/uploads\/2022\/07\/BS-plakat-1-150x150.jpeg 150w, https:\/\/mikolasklir.cz\/wp-content\/uploads\/2022\/07\/BS-plakat-1-768x768.jpeg 768w, https:\/\/mikolasklir.cz\/wp-content\/uploads\/2022\/07\/BS-plakat-1.jpeg 1080w\" sizes=\"auto, (max-width: 300px) 100vw, 300px\" \/><\/a><\/div><a class=\"wp-block-latest-posts__post-title\" href=\"https:\/\/mikolasklir.cz\/?p=562\">M\u016fj obraz Lodi\u010dka na florentsk\u00e9 v\u00fdstav\u011b BEYOND SIGHT<\/a><time datetime=\"2022-07-01T10:48:00+01:00\" class=\"wp-block-latest-posts__post-date\">1 \u010dervence, 2022<\/time><div class=\"wp-block-latest-posts__post-excerpt\">35 um\u011blc\u016f ze 14 zem\u00ed se p\u0159edstav\u00ed na mezin\u00e1rodn\u00ed v\u00fdstav\u011b BEYOND SIGHT, kterou po\u0159\u00e1d\u00e1 italsk\u00e1 kulturn\u00ed asociace Nartwork. Jsem r\u00e1d, \u017ee budu mezi nimi se sv\u00fdm obrazem Lodi\u010dka. Z\u016fstat ukotven\u00fd ve vlastn\u00edch jistot\u00e1ch, nebo j\u00edt vst\u0159\u00edc svobod\u011b? V\u00fdstava &hellip; <a href=\"https:\/\/mikolasklir.cz\/?p=562\">Cel\u00fd p\u0159\u00edsp\u011bvek <span class=\"meta-nav\">&rarr;<\/span><\/a><\/div><\/li>\n<li><div class=\"wp-block-latest-posts__featured-image\"><a href=\"https:\/\/mikolasklir.cz\/?p=550\" aria-label=\"YELLOW: Nav\u0161tivte dal\u0161\u00ed virtu\u00e1ln\u00ed v\u00fdstavu\"><img loading=\"lazy\" decoding=\"async\" width=\"212\" height=\"300\" src=\"https:\/\/mikolasklir.cz\/wp-content\/uploads\/2022\/04\/Yellow-212x300.jpeg\" class=\"attachment-medium size-medium wp-post-image\" alt=\"\" style=\"\" srcset=\"https:\/\/mikolasklir.cz\/wp-content\/uploads\/2022\/04\/Yellow-212x300.jpeg 212w, https:\/\/mikolasklir.cz\/wp-content\/uploads\/2022\/04\/Yellow-724x1024.jpeg 724w, https:\/\/mikolasklir.cz\/wp-content\/uploads\/2022\/04\/Yellow-768x1086.jpeg 768w, https:\/\/mikolasklir.cz\/wp-content\/uploads\/2022\/04\/Yellow-1086x1536.jpeg 1086w, https:\/\/mikolasklir.cz\/wp-content\/uploads\/2022\/04\/Yellow.jpeg 1414w\" sizes=\"auto, (max-width: 212px) 100vw, 212px\" \/><\/a><\/div><a class=\"wp-block-latest-posts__post-title\" href=\"https:\/\/mikolasklir.cz\/?p=550\">YELLOW: Nav\u0161tivte dal\u0161\u00ed virtu\u00e1ln\u00ed v\u00fdstavu<\/a><time datetime=\"2022-04-30T10:19:13+01:00\" class=\"wp-block-latest-posts__post-date\">30 dubna, 2022<\/time><div class=\"wp-block-latest-posts__post-excerpt\">Virtu\u00e1ln\u00ed v\u00fdstavy maj\u00ed tu v\u00fdhodu, \u017ee nemus\u00edm svoje obrazy nikam pos\u00edlat, div\u00e1ci nemus\u00ed opou\u0161t\u011bt byt, a p\u0159esto m\u016f\u017eou nav\u0161t\u00edvit mezin\u00e1rodn\u00ed exhibice um\u011blc\u016f ze v\u0161ech kout\u016f sv\u011bta. Dal\u0161\u00ed takovou v\u00fdstavu, jej\u00ed\u017e sou\u010d\u00e1st\u00ed m\u00e1m to pot\u011b\u0161en\u00ed b\u00fdt, je v\u00fdstava YELLOW &hellip; <a href=\"https:\/\/mikolasklir.cz\/?p=550\">Cel\u00fd p\u0159\u00edsp\u011bvek <span class=\"meta-nav\">&rarr;<\/span><\/a><\/div><\/li>\n<\/ul>","protected":false},"excerpt":{"rendered":"","protected":false},"author":1,"featured_media":0,"parent":0,"menu_order":0,"comment_status":"closed","ping_status":"closed","template":"","meta":{"footnotes":""},"class_list":["post-162","page","type-page","status-publish","hentry"],"_links":{"self":[{"href":"https:\/\/mikolasklir.cz\/index.php?rest_route=\/wp\/v2\/pages\/162","targetHints":{"allow":["GET"]}}],"collection":[{"href":"https:\/\/mikolasklir.cz\/index.php?rest_route=\/wp\/v2\/pages"}],"about":[{"href":"https:\/\/mikolasklir.cz\/index.php?rest_route=\/wp\/v2\/types\/page"}],"author":[{"embeddable":true,"href":"https:\/\/mikolasklir.cz\/index.php?rest_route=\/wp\/v2\/users\/1"}],"replies":[{"embeddable":true,"href":"https:\/\/mikolasklir.cz\/index.php?rest_route=%2Fwp%2Fv2%2Fcomments&post=162"}],"version-history":[{"count":7,"href":"https:\/\/mikolasklir.cz\/index.php?rest_route=\/wp\/v2\/pages\/162\/revisions"}],"predecessor-version":[{"id":589,"href":"https:\/\/mikolasklir.cz\/index.php?rest_route=\/wp\/v2\/pages\/162\/revisions\/589"}],"wp:attachment":[{"href":"https:\/\/mikolasklir.cz\/index.php?rest_route=%2Fwp%2Fv2%2Fmedia&parent=162"}],"curies":[{"name":"wp","href":"https:\/\/api.w.org\/{rel}","templated":true}]}}